{"id":5166,"date":"2023-05-17T14:23:52","date_gmt":"2023-05-17T12:23:52","guid":{"rendered":"https:\/\/www.invityou.com\/politica-de-privacidad-y-cookies\/"},"modified":"2026-04-08T16:05:40","modified_gmt":"2026-04-08T14:05:40","slug":"privacidad-y-cookies","status":"publish","type":"page","link":"https:\/\/www.invityou.com\/es\/privacidad-y-cookies\/","title":{"rendered":"Pol\u00edtica de privacidad y cookies"},"content":{"rendered":"\n<h2 class=\"wp-block-heading\">Objeto de la pol\u00edtica de privacidad<\/h2>\n\n\n\n<p>Pol\u00edtica de privacidad y cookies : CORPO&#8217;EVENTS valora su privacidad y se toma en serio sus responsabilidades en el tratamiento de sus datos personales de conformidad con el Reglamento (UE) 2016\/679 del Parlamento Europeo y del Consejo, del 27 de abril de 2016, relativo a la protecci\u00f3n de las personas f\u00edsicas en lo que respecta al tratamiento de datos personales y a la libre circulaci\u00f3n de estos datos (en adelante, el \u00abRGPD\u00bb).<\/p>\n\n\n\n<p>Para que pueda navegar y utilizar la p\u00e1gina web <a href=\"https:\/\/www.invityou.com\/es\/\">www.invityou.com<\/a> (en adelante, la \u00abWeb\u00bb) de conformidad con el RGPD, la presente pol\u00edtica de privacidad y de uso de cookies (en adelante, la \u00abPol\u00edtica\u00bb) le informa de la forma en que CORPO&#8217;EVENTS recopila, utiliza y divulga sus datos personales (en adelante, los \u00abDatos Personales\u00bb).<\/p>\n\n\n\n<p>Los Datos Personales se definen como cualquier dato relativo a una persona f\u00edsica que pueda ser identificada, directa o indirectamente, en particular por referencia a un identificador, como un nombre, un n\u00famero de identificaci\u00f3n, datos de localizaci\u00f3n, un identificador en l\u00ednea o uno o m\u00e1s factores espec\u00edficos de su identidad f\u00edsica, fisiol\u00f3gica, gen\u00e9tica, ps\u00edquica, econ\u00f3mica, cultural o social.<\/p>\n\n\n\n<h3 class=\"wp-block-heading\">Tipo de datos personales recopilados<\/h3>\n\n\n\n<p>CORPO&#8217;EVENTS puede tener que recopilar sus Datos Personales, tal y como se detalla a continuaci\u00f3n.<br>Al proporcionar estos Datos Personales, usted acepta expresamente que sean tratados por CORPO&#8217;EVENTS para los fines indicados en el art\u00edculo 4 de la presente Pol\u00edtica.<\/p>\n\n\n\n<p>Los Datos Personales que CORPO&#8217;EVENTS recopila directamente de usted o de la organizaci\u00f3n en la que trabaja pueden incluir:<\/p>\n\n\n\n<ol class=\"wp-block-list\">\n<li>Datos de contacto, como su nombre, direcci\u00f3n de email, direcci\u00f3n postal, n\u00famero de tel\u00e9fono y profesi\u00f3n que env\u00eda a CORPO&#8217;EVENTS en relaci\u00f3n con las solicitudes de demostraciones\/presupuestos;<\/li>\n\n\n\n<li>Comentarios y otra informaci\u00f3n que proporcione a CORPO&#8217;EVENTS, incluidas preguntas e informaci\u00f3n que env\u00ede en relaci\u00f3n con solicitudes de demostraci\u00f3n\/presupuesto;<\/li>\n\n\n\n<li>Sus intereses y preferencias de comunicaci\u00f3n, incluido el idioma que prefiere para navegar por nuestra Web.<\/li>\n<\/ol>\n\n\n\n<ol start=\"3\" class=\"wp-block-list\">\n<li>Identidad y datos de contacto del responsable del tratamiento de sus datos personales. El responsable del tratamiento de sus datos personales es Corpo&#8217;events, sociedad por acciones simplificada (sas), inscrita en el Registro Mercantil de Montpellier bajo el n\u00famero 484 434 477, con domicilio social en 1415 avenue Albert Einstein 34000 Montpellier.<\/li>\n<\/ol>\n\n\n\n<h3 class=\"wp-block-heading\">Base legal y fines del tratamiento de sus datos personales<\/h3>\n\n\n\n<p>Corpo&#8217;events podr\u00e1 tratar sus datos personales sobre las bases legales y para los fines descritos a continuaci\u00f3n:<\/p>\n\n\n\n<h4 class=\"wp-block-heading\">Base legal para el tratamiento de sus datos personales<\/h4>\n\n\n\n<p>Corpo&#8217;events recopila sus datos personales sobre la base del consentimiento que usted otorga a Corpo&#8217;events cuando env\u00eda una solicitud de demostraci\u00f3n\/presupuesto a trav\u00e9s de la p\u00e1gina web.<\/p>\n\n\n\n<h4 class=\"wp-block-heading\">Fines del tratamiento de sus datos personales<\/h4>\n\n\n\n<p>Corpo&#8217;events trata sus datos personales para responder a sus solicitudes de demostraci\u00f3n\/presupuesto.<\/p>\n\n\n\n<h3 class=\"wp-block-heading\">Destinatarios de los datos personales<\/h3>\n\n\n\n<p>Corpo&#8217;events se compromete a limitar el acceso a sus datos personales \u00fanicamente a aquellas personas que necesiten utilizarlos.<\/p>\n\n\n\n<p>En cualquier caso, Corpo&#8217;events no comercializa los datos personales de los visitantes y usuarios de su p\u00e1gina web.<\/p>\n\n\n\n<p>Adem\u00e1s, no se transfiere ning\u00fan dato personal fuera de la Uni\u00f3n Europea.<\/p>\n\n\n\n<h3 class=\"wp-block-heading\">Periodo de conservaci\u00f3n de los datos personales<\/h3>\n\n\n\n<p>Sus datos personales solo ser\u00e1n conservados por Corpo&#8217;events durante el tiempo necesario para cumplir la finalidad para la que fueron recopilados, es decir, 3 a\u00f1os a partir de la fecha de recopilaci\u00f3n o de su \u00faltimo contacto, salvo que haya suscrito un contrato.<\/p>\n\n\n\n<h3 class=\"wp-block-heading\">Seguridad de los datos personales<\/h3>\n\n\n\n<p>Corpo&#8217;events aplica medidas t\u00e9cnicas y organizativas para tratar de garantizar un nivel de seguridad adecuado al riesgo del tratamiento de datos personales. El objetivo de estas medidas es de garantizar la integridad, confidencialidad y accesibilidad de los datos personales.<\/p>\n\n\n\n<h3 class=\"wp-block-heading\">Protecci\u00f3n de la intimidad de los menores de edad<\/h3>\n\n\n\n<p>Corpo&#8217;events no recopila conscientemente informaci\u00f3n de ni\u00f1os menores de 13 a\u00f1os y la p\u00e1gina web no est\u00e1 destinada a ni\u00f1os menores de 13 a\u00f1os.<\/p>\n\n\n\n<h3 class=\"wp-block-heading\">Sus derechos<\/h3>\n\n\n\n<p>Puede beneficiarse gratuitamente de los derechos enumerados en este art\u00edculo.<\/p>\n\n\n\n<p>Si desea ejercer alguno de estos derechos, env\u00ede su solicitud:<br>\u2022 Por correo electr\u00f3nico a la siguiente direcci\u00f3n: contact@corpo-events.fr o<br>\u2022 Por correo postal a la siguiente direcci\u00f3n: Corpo&#8217;events, 1415 avenue Albert Einstein 34000 Montpellier.<\/p>\n\n\n\n<h4 class=\"wp-block-heading\">Derecho de acceso a sus datos personales<\/h4>\n\n\n\n<p>Puede acceder a sus datos personales.<\/p>\n\n\n\n<p>Sin embargo, debido a la obligaci\u00f3n de seguridad y confidencialidad de Corpo\u2019events en el tratamiento de datos personales, su solicitud solo se tramitar\u00e1 si aporta una prueba v\u00e1lida de su identidad.<\/p>\n\n\n\n<p>Corpo&#8217;events le informa de que la sociedad tendr\u00e1 derecho, en su caso, a oponerse a las solicitudes manifiestamente abusivas (debido a su n\u00famero, car\u00e1cter repetitivo o sistem\u00e1tico).<\/p>\n\n\n\n<p>Para ayudarle en su solicitud, encontrar\u00e1 en <a href=\"https:\/\/www.cnil.fr\/fr\/modele\/courrier\/exercer-son-droit-dacces\" target=\"_blank\" rel=\"noreferrer noopener nofollow\">haciendo clic en el siguiente enlace un modelo de carta elaborado por la Commission Nationale de l&#8217;Informatique et des Libert\u00e9s (la \u00abCNIL\u00bb)<\/a>.<\/p>\n\n\n\n<h4 class=\"wp-block-heading\">Derecho de rectificaci\u00f3n y supresi\u00f3n de sus datos personales<\/h4>\n\n\n\n<p>El RGPD le otorga el derecho a solicitar la rectificaci\u00f3n, actualizaci\u00f3n, bloqueo o supresi\u00f3n de cualquiera de sus datos personales que pueda ser inexacto, err\u00f3neo, incompleto u obsoleto.<\/p>\n\n\n\n<p>Usted podr\u00e1 definir directrices generales y espec\u00edficas relativas al destino de sus datos personales tras su fallecimiento. En su caso, los herederos de una persona fallecida podr\u00e1n solicitar que se tenga en cuenta el fallecimiento de su familiar y\/o que se realicen las actualizaciones necesarias.<\/p>\n\n\n\n<p>Para ayudarle en su solicitud, en particular si desea ejercer su derecho de rectificaci\u00f3n en su nombre o en nombre de un familiar fallecido, encontrar\u00e1 en <a href=\"https:\/\/www.cnil.fr\/fr\/modele\/courrier\/rectifier-des-donnees-inexactes-obsoletes-ou-perimees\" target=\"_blank\" rel=\"noreferrer noopener nofollow\">haciendo clic en el siguiente enlace un modelo de carta elaborado por la CNIL<\/a>.<\/p>\n\n\n\n<h4 class=\"wp-block-heading\">Derecho a limitar sus datos personales<\/h4>\n\n\n\n<p>Puede obtener la limitaci\u00f3n del tratamiento de sus datos personales si se opone a ello, si impugna la exactitud de los datos personales, si cree que se est\u00e1n tratando de forma il\u00edcita o si los necesita para el establecimiento, ejercicio o defensa de sus derechos en justicia.<\/p>\n\n\n\n<h4 class=\"wp-block-heading\">Derecho de oposici\u00f3n al tratamiento de datos personales<\/h4>\n\n\n\n<p>El ejercicio de este derecho solo es posible en una de las dos situaciones siguientes:<br>(i) cuando el ejercicio de este derecho se base en motivos serios y leg\u00edtimos; o<br>(ii) cuando el ejercicio de este derecho tenga por objeto impedir que los datos personales recabados se utilicen con fines de marketing.<\/p>\n\n\n\n<p>Para ayudarle en su solicitud, en particular si desea ejercer su derecho de oposici\u00f3n, encontrar\u00e1 en <a href=\"https:\/\/www.cnil.fr\/fr\/modele\/courrier\/sopposer-au-traitement-de-donnees\" target=\"_blank\" rel=\"noreferrer noopener nofollow\">haciendo clic en el siguiente enlace un modelo de carta elaborado por la CNIL<\/a>.<\/p>\n\n\n\n<h4 class=\"wp-block-heading\">Derecho a la portabilidad de sus datos personales<\/h4>\n\n\n\n<p>Puede solicitar a Corpo&#8217;Events que le env\u00ede sus datos personales en un formato estructurado de uso com\u00fan, legible por una m\u00e1quina e interoperable, o que los transmita directamente a otro responsable del tratamiento.<\/p>\n\n\n\n<h3 class=\"wp-block-heading\">Reclamaciones ante la CNIL<\/h3>\n\n\n\n<p>Si considera que Corpo&#8217;Events no cumple con sus obligaciones en relaci\u00f3n con sus datos personales, puede presentar una reclamaci\u00f3n o una solicitud ante la autoridad competente (en Francia, la autoridad competente es la CNIL):<\/p>\n\n\n\n<ol class=\"wp-block-list\">\n<li>en determinados casos espec\u00edficos, a trav\u00e9s del servicio de reclamaciones en l\u00ednea haciendo clic en lo anterior.<\/li>\n\n\n\n<li>en los \u00abdem\u00e1s casos\u00bb no cubiertos por el teleservicio, utilizando el servicio \u00abnecesito ayuda\u00bb, que le permitir\u00e1 acceder al formulario de reclamaciones que figura al final de la respuesta a una pregunta.<\/li>\n\n\n\n<li>por correo postal, escribiendo a: CNIL &#8211; Service des plaintes &#8211; 3 place de Fontenoy &#8211; TSA 80715 &#8211; 75334 Paris cedex 07.<\/li>\n<\/ol>\n\n\n\n<h3 class=\"wp-block-heading\">Versi\u00f3n vigente y modificaciones<\/h3>\n\n\n\n<p>La pol\u00edtica vigente en Corpo&#8217;Events es la que est\u00e1 disponible en l\u00ednea en la p\u00e1gina web en la fecha de su conexi\u00f3n a la web. La presente pol\u00edtica podr\u00e1 ser modificada en cualquier momento por Corpo&#8217;Events, en particular con el fin de actualizarla en funci\u00f3n de los cambios de la legislaci\u00f3n y la reglamentaci\u00f3n vigentes. Toda nueva actualizaci\u00f3n ser\u00e1 fechada e indicada en la presente pol\u00edtica.<\/p>\n\n\n\n<h3 class=\"wp-block-heading\">Contacto<\/h3>\n\n\n\n<p>Si tiene alg\u00fan comentario, pregunta o solicitud en relaci\u00f3n con esta pol\u00edtica o con el tratamiento de sus datos personales, p\u00f3ngase en contacto con Corpo&#8217;Events por correo electr\u00f3nico en la siguiente direcci\u00f3n: contact@corpo-events.fr o por correo postal en la siguiente direcci\u00f3n Corpo&#8217;Events, 1415 avenue Albert Einstein 34000 Montpellier.<\/p>\n\n\n\n<hr class=\"wp-block-separator has-text-color has-gray-shade-1-color has-alpha-channel-opacity has-gray-shade-1-background-color has-background is-style-wide\"\/>\n\n\n\n<h2 class=\"wp-block-heading\" id=\"cookies\">Pol\u00edtica de cookies<\/h2>\n\n\n\n<p>Cuando se conecte por primera vez a nuestra p\u00e1gina web, se le advertir\u00e1 mediante un banner en la parte inferior de su pantalla de que la informaci\u00f3n relativa a su navegaci\u00f3n puede quedar registrada en archivos conocidos como \u00abcookies\u00bb. Nuestra pol\u00edtica sobre el uso de cookies le permite comprender mejor las medidas que hemos implantado para la navegaci\u00f3n por nuestra p\u00e1gina web. En particular, le informa sobre todas las cookies de nuestra p\u00e1gina web, su finalidad y c\u00f3mo configurarlas.<\/p>\n\n\n\n<h3 class=\"wp-block-heading\">Informaci\u00f3n general sobre las cookies de la p\u00e1gina web<\/h3>\n\n\n\n<p>Como editor de esta p\u00e1gina web, la sociedad Corpo&#8217;Events puede colocar una cookie en el disco duro de su terminal (ordenador, tableta, tel\u00e9fono m\u00f3vil, etc.) con el fin de garantizarle una navegaci\u00f3n fluida y \u00f3ptima en nuestra web.<\/p>\n\n\n\n<p>Las \u00abcookies\u00bb (o testigos de conexi\u00f3n) son peque\u00f1os archivos de texto de tama\u00f1o limitado que nos permiten reconocer su ordenador, tableta o tel\u00e9fono m\u00f3vil para analizar su navegaci\u00f3n y poder medir la audiencia de nuestra web.<\/p>\n\n\n\n<p>La informaci\u00f3n recabada a trav\u00e9s de las cookies Corpo&#8217;events la utiliza para elaborar estad\u00edsticas de visitas, mejorar su experiencia de navegaci\u00f3n en nuestra web, permitirle compartir contenidos de nuestra web con otras personas y presentarle contenidos y publicidad espec\u00edficos.<\/p>\n\n\n\n<p>Para ayudarle a comprender la informaci\u00f3n que identifican las cookies, a continuaci\u00f3n encontrar\u00e1 una lista de los diferentes tipos de cookies que pueden utilizarse en la p\u00e1gina web de Corpo&#8217;events.<\/p>\n\n\n\n<h3 class=\"wp-block-heading\">Configuraci\u00f3n de sus preferencias de cookies<\/h3>\n\n\n\n<p>Puede aceptar o rechazar las cookies en cualquier momento.<\/p>\n\n\n\n<p>Cuando se conecta a la web por primera vez, aparece en la parte inferior de su pantalla un banner que presenta brevemente informaci\u00f3n sobre el dep\u00f3sito de cookies y tecnolog\u00edas similares. Este banner le invita a aceptar las cookies o a personalizar sus opciones.<\/p>\n\n\n\n<p>Dependiendo del tipo de cookie del que se trate, puede ser obligatorio su consentimiento para la colocaci\u00f3n y lectura de cookies en su terminal.<\/p>\n\n\n\n<ol class=\"wp-block-list\">\n<li><strong>Cookies estrictamente necesarias<br><\/strong>Las cookies definidas en esta categor\u00eda son estrictamente necesarias para garantizar el correcto funcionamiento de nuestra p\u00e1gina web. Por lo tanto, estas cookies no requieren su consentimiento.<\/li>\n\n\n\n<li><strong>Cookies de medici\u00f3n de audiencia<br><\/strong>Estas cookies nos ayudan a comprender c\u00f3mo interact\u00faan nuestros visitantes con la web. Esto nos ayuda a entender el n\u00famero de visitantes, su procedencia y por qu\u00e9 p\u00e1ginas navegan. Las cookies recaban estos datos y los comunican de forma an\u00f3nima.<\/li>\n\n\n\n<li><strong>Cookies publicitarias<br><\/strong>Las cookies publicitarias nos ayudan a ofrecerle campa\u00f1as publicitarias y de marketing relevantes y a medir su eficacia.<\/li>\n<\/ol>\n\n\n\n<h3 class=\"wp-block-heading\">Informaci\u00f3n y contacto<\/h3>\n\n\n\n<p>Para m\u00e1s informaci\u00f3n sobre las herramientas de gesti\u00f3n de cookies, puede consultar la p\u00e1gina web de la CNIL: <a href=\"https:\/\/www.cnil.fr\/fr\/cookies-les-outils-pour-les-maitriser\" target=\"_blank\" rel=\"noreferrer noopener nofollow\">https:\/\/www.cnil.fr\/fr\/cookies-les-outils-pour-les-maitriser<\/a>.<\/p>\n\n\n\n<p>Si tiene alguna pregunta o necesita m\u00e1s informaci\u00f3n sobre esta pol\u00edtica de cookies, p\u00f3ngase en contacto con nosotros por correo electr\u00f3nico en la siguiente direcci\u00f3n: contact@corpo-events.fr o por correo postal en la siguiente direcci\u00f3n: Corpo&#8217;Events, 1415 avenue Albert Einstein 34000 Montpellier.<\/p>\n","protected":false},"excerpt":{"rendered":"<p>Objeto de la pol\u00edtica de privacidad Pol\u00edtica de privacidad y cookies : CORPO&#8217;EVENTS valora su privacidad y se toma en serio sus responsabilidades en el tratamiento de sus datos personales de conformidad con el Reglamento (UE) 2016\/679 del Parlamento Europeo y del Consejo, del 27 de abril de 2016, relativo a la protecci\u00f3n de las [&hellip;]<\/p>\n","protected":false},"author":1,"featured_media":0,"parent":0,"menu_order":0,"comment_status":"closed","ping_status":"closed","template":"","meta":{"_acf_changed":false,"inline_featured_image":false,"footnotes":""},"class_list":["post-5166","page","type-page","status-publish","hentry"],"acf":[],"yoast_head":"<!-- This site is optimized with the Yoast SEO plugin v27.4 - https:\/\/yoast.com\/product\/yoast-seo-wordpress\/ -->\n<title>Pol\u00edtica de privacidad y cookies<\/title>\n<meta name=\"description\" content=\"Gestione sus preferencias de cookies: tipos, uso, consentimiento y configuraci\u00f3n para una navegaci\u00f3n segura y personalizada.\" \/>\n<meta name=\"robots\" content=\"index, follow, max-snippet:-1, max-image-preview:large, max-video-preview:-1\" \/>\n<link rel=\"canonical\" href=\"https:\/\/www.invityou.com\/es\/privacidad-y-cookies\/\" \/>\n<meta property=\"og:locale\" content=\"es_ES\" \/>\n<meta property=\"og:type\" content=\"article\" \/>\n<meta property=\"og:title\" content=\"Pol\u00edtica de privacidad y cookies\" \/>\n<meta property=\"og:description\" content=\"Gestione sus preferencias de cookies: tipos, uso, consentimiento y configuraci\u00f3n para una navegaci\u00f3n segura y personalizada.\" \/>\n<meta property=\"og:url\" content=\"https:\/\/www.invityou.com\/es\/privacidad-y-cookies\/\" \/>\n<meta property=\"og:site_name\" content=\"InvitYou\" \/>\n<meta property=\"article:publisher\" content=\"https:\/\/www.facebook.com\/pages\/CorpoEvents\/167858103417650\" \/>\n<meta property=\"article:modified_time\" content=\"2026-04-08T14:05:40+00:00\" \/>\n<meta name=\"twitter:card\" content=\"summary_large_image\" \/>\n<meta name=\"twitter:site\" content=\"@corpo_events\" \/>\n<meta name=\"twitter:label1\" content=\"Tiempo de lectura\" \/>\n\t<meta name=\"twitter:data1\" content=\"10 minutos\" \/>\n<script type=\"application\/ld+json\" class=\"yoast-schema-graph\">{\"@context\":\"https:\\\/\\\/schema.org\",\"@graph\":[{\"@type\":\"WebPage\",\"@id\":\"https:\\\/\\\/www.invityou.com\\\/es\\\/privacidad-y-cookies\\\/\",\"url\":\"https:\\\/\\\/www.invityou.com\\\/es\\\/privacidad-y-cookies\\\/\",\"name\":\"Pol\u00edtica de privacidad y cookies\",\"isPartOf\":{\"@id\":\"https:\\\/\\\/www.invityou.com\\\/es\\\/#website\"},\"datePublished\":\"2023-05-17T12:23:52+00:00\",\"dateModified\":\"2026-04-08T14:05:40+00:00\",\"description\":\"Gestione sus preferencias de cookies: tipos, uso, consentimiento y configuraci\u00f3n para una navegaci\u00f3n segura y personalizada.\",\"inLanguage\":\"es\",\"potentialAction\":[{\"@type\":\"ReadAction\",\"target\":[\"https:\\\/\\\/www.invityou.com\\\/es\\\/privacidad-y-cookies\\\/\"]}]},{\"@type\":\"WebSite\",\"@id\":\"https:\\\/\\\/www.invityou.com\\\/es\\\/#website\",\"url\":\"https:\\\/\\\/www.invityou.com\\\/es\\\/\",\"name\":\"InvitYou\",\"description\":\"Outil de gestion \u00e9v\u00e9nementiel\",\"publisher\":{\"@id\":\"https:\\\/\\\/www.invityou.com\\\/es\\\/#organization\"},\"potentialAction\":[{\"@type\":\"SearchAction\",\"target\":{\"@type\":\"EntryPoint\",\"urlTemplate\":\"https:\\\/\\\/www.invityou.com\\\/es\\\/?s={search_term_string}\"},\"query-input\":{\"@type\":\"PropertyValueSpecification\",\"valueRequired\":true,\"valueName\":\"search_term_string\"}}],\"inLanguage\":\"es\"},{\"@type\":\"Organization\",\"@id\":\"https:\\\/\\\/www.invityou.com\\\/es\\\/#organization\",\"name\":\"InvitYou by CorpoEvents\",\"url\":\"https:\\\/\\\/www.invityou.com\\\/es\\\/\",\"logo\":{\"@type\":\"ImageObject\",\"inLanguage\":\"es\",\"@id\":\"https:\\\/\\\/www.invityou.com\\\/es\\\/#\\\/schema\\\/logo\\\/image\\\/\",\"url\":\"https:\\\/\\\/www.invityou.com\\\/wp-content\\\/uploads\\\/2022\\\/05\\\/cropped-android-chrome-512x512-1.png\",\"contentUrl\":\"https:\\\/\\\/www.invityou.com\\\/wp-content\\\/uploads\\\/2022\\\/05\\\/cropped-android-chrome-512x512-1.png\",\"width\":512,\"height\":512,\"caption\":\"InvitYou by CorpoEvents\"},\"image\":{\"@id\":\"https:\\\/\\\/www.invityou.com\\\/es\\\/#\\\/schema\\\/logo\\\/image\\\/\"},\"sameAs\":[\"https:\\\/\\\/www.facebook.com\\\/pages\\\/CorpoEvents\\\/167858103417650\",\"https:\\\/\\\/x.com\\\/corpo_events\",\"https:\\\/\\\/www.linkedin.com\\\/company\\\/corpoevents\"]}]}<\/script>\n<!-- \/ Yoast SEO plugin. -->","yoast_head_json":{"title":"Pol\u00edtica de privacidad y cookies","description":"Gestione sus preferencias de cookies: tipos, uso, consentimiento y configuraci\u00f3n para una navegaci\u00f3n segura y personalizada.","robots":{"index":"index","follow":"follow","max-snippet":"max-snippet:-1","max-image-preview":"max-image-preview:large","max-video-preview":"max-video-preview:-1"},"canonical":"https:\/\/www.invityou.com\/es\/privacidad-y-cookies\/","og_locale":"es_ES","og_type":"article","og_title":"Pol\u00edtica de privacidad y cookies","og_description":"Gestione sus preferencias de cookies: tipos, uso, consentimiento y configuraci\u00f3n para una navegaci\u00f3n segura y personalizada.","og_url":"https:\/\/www.invityou.com\/es\/privacidad-y-cookies\/","og_site_name":"InvitYou","article_publisher":"https:\/\/www.facebook.com\/pages\/CorpoEvents\/167858103417650","article_modified_time":"2026-04-08T14:05:40+00:00","twitter_card":"summary_large_image","twitter_site":"@corpo_events","twitter_misc":{"Tiempo de lectura":"10 minutos"},"schema":{"@context":"https:\/\/schema.org","@graph":[{"@type":"WebPage","@id":"https:\/\/www.invityou.com\/es\/privacidad-y-cookies\/","url":"https:\/\/www.invityou.com\/es\/privacidad-y-cookies\/","name":"Pol\u00edtica de privacidad y cookies","isPartOf":{"@id":"https:\/\/www.invityou.com\/es\/#website"},"datePublished":"2023-05-17T12:23:52+00:00","dateModified":"2026-04-08T14:05:40+00:00","description":"Gestione sus preferencias de cookies: tipos, uso, consentimiento y configuraci\u00f3n para una navegaci\u00f3n segura y personalizada.","inLanguage":"es","potentialAction":[{"@type":"ReadAction","target":["https:\/\/www.invityou.com\/es\/privacidad-y-cookies\/"]}]},{"@type":"WebSite","@id":"https:\/\/www.invityou.com\/es\/#website","url":"https:\/\/www.invityou.com\/es\/","name":"InvitYou","description":"Outil de gestion \u00e9v\u00e9nementiel","publisher":{"@id":"https:\/\/www.invityou.com\/es\/#organization"},"potentialAction":[{"@type":"SearchAction","target":{"@type":"EntryPoint","urlTemplate":"https:\/\/www.invityou.com\/es\/?s={search_term_string}"},"query-input":{"@type":"PropertyValueSpecification","valueRequired":true,"valueName":"search_term_string"}}],"inLanguage":"es"},{"@type":"Organization","@id":"https:\/\/www.invityou.com\/es\/#organization","name":"InvitYou by CorpoEvents","url":"https:\/\/www.invityou.com\/es\/","logo":{"@type":"ImageObject","inLanguage":"es","@id":"https:\/\/www.invityou.com\/es\/#\/schema\/logo\/image\/","url":"https:\/\/www.invityou.com\/wp-content\/uploads\/2022\/05\/cropped-android-chrome-512x512-1.png","contentUrl":"https:\/\/www.invityou.com\/wp-content\/uploads\/2022\/05\/cropped-android-chrome-512x512-1.png","width":512,"height":512,"caption":"InvitYou by CorpoEvents"},"image":{"@id":"https:\/\/www.invityou.com\/es\/#\/schema\/logo\/image\/"},"sameAs":["https:\/\/www.facebook.com\/pages\/CorpoEvents\/167858103417650","https:\/\/x.com\/corpo_events","https:\/\/www.linkedin.com\/company\/corpoevents"]}]}},"_links":{"self":[{"href":"https:\/\/www.invityou.com\/es\/wp-json\/wp\/v2\/pages\/5166","targetHints":{"allow":["GET"]}}],"collection":[{"href":"https:\/\/www.invityou.com\/es\/wp-json\/wp\/v2\/pages"}],"about":[{"href":"https:\/\/www.invityou.com\/es\/wp-json\/wp\/v2\/types\/page"}],"author":[{"embeddable":true,"href":"https:\/\/www.invityou.com\/es\/wp-json\/wp\/v2\/users\/1"}],"replies":[{"embeddable":true,"href":"https:\/\/www.invityou.com\/es\/wp-json\/wp\/v2\/comments?post=5166"}],"version-history":[{"count":2,"href":"https:\/\/www.invityou.com\/es\/wp-json\/wp\/v2\/pages\/5166\/revisions"}],"predecessor-version":[{"id":5919,"href":"https:\/\/www.invityou.com\/es\/wp-json\/wp\/v2\/pages\/5166\/revisions\/5919"}],"wp:attachment":[{"href":"https:\/\/www.invityou.com\/es\/wp-json\/wp\/v2\/media?parent=5166"}],"curies":[{"name":"wp","href":"https:\/\/api.w.org\/{rel}","templated":true}]}}