{"id":5173,"date":"2022-05-02T16:21:36","date_gmt":"2022-05-02T14:21:36","guid":{"rendered":"https:\/\/www.invityou.com\/organizar-y-gestionar-sus-formaciones-como-un-profesional\/"},"modified":"2026-04-13T18:27:15","modified_gmt":"2026-04-13T16:27:15","slug":"organizar-y-gestionar-sus-formaciones-como-un-profesional","status":"publish","type":"page","link":"https:\/\/www.invityou.com\/es\/organizar-y-gestionar-sus-formaciones-como-un-profesional\/","title":{"rendered":"Organizar y gestionar sus formaciones como un profesional"},"content":{"rendered":"<p>Para una empresa, poner en marcha sesiones de formaci\u00f3n es un acelerador estrat\u00e9gico que no debe pasar por alto. \u00a1Mientras que <strong>sus colaboradores adquieren competencias<\/strong>, su compa\u00f1\u00eda <strong>aumenta su competitividad!<\/strong> \u00a1Sin embargo, la organizaci\u00f3n log\u00edstica y la gesti\u00f3n de los participantes pueden ser un verdadero quebradero de cabeza para el responsable! Gestionar los calendarios y la disponibilidad de cada uno, organizar los turnos de formaci\u00f3n, comunicarse con los formadores&#8230; Existen muchas expectativas en una formaci\u00f3n. <strong>Por este motivo, m\u00e1s vale maximizar sus posibilidades de \u00e9xito optando por una plataforma de gesti\u00f3n en l\u00ednea <\/strong>. \u00a1Ahorrar\u00e1 much\u00edsimo tiempo y evitar\u00e1 muchos errores!<\/p>\n<h2>\u00bfPor qu\u00e9 organizar una formaci\u00f3n?<\/h2>\n<p>Hoy en d\u00eda, las formaciones se han vuelto esenciales para hacer frente a un contexto cada vez m\u00e1s competitivo. Permiten anticipar los cambios de un entorno econ\u00f3mico y social. Al mismo tiempo,<strong> , dan un impulso a sus colaboradores<\/strong>&#8230; \u00a1pero a condici\u00f3n que sean un \u00e9xito! Para implicar al m\u00e1ximo a su p\u00fablico, es necesario establecer un marco de informaci\u00f3n de lo m\u00e1s estable.<\/p>\n<h2>Organizaci\u00f3n de una formaci\u00f3n: las etapas clave<\/h2>\n<p>Coordinar las agendas de sus colaboradores y ponentes, <strong>distribuir la informaci\u00f3n<\/strong>, establecer los programas&#8230; Para que su formaci\u00f3n se desarrolle en las condiciones de mayor serenidad, \u00a1estas son algunas etapas que se deben cumplir!<\/p>\n<h3>Antes del evento<\/h3>\n<ul>\n<li>Crear una p\u00e1gina web <strong>totalmente personalizada<\/strong>, a imagen de su empresa<strong><br \/>\n<\/strong><\/li>\n<li>Poner en l\u00ednea la informaci\u00f3n pr\u00e1ctica necesaria para los participantes<\/li>\n<li>Elaborar un programa e integrarlo en los distintos soportes de comunicaci\u00f3n<\/li>\n<li>Ponerse en contacto con los ponentes y obtener la confirmaci\u00f3n autom\u00e1tica de su asistencia<\/li>\n<li>Elaborar la lista de los invitados<\/li>\n<li>Enviar un \u00absave the date\u00bb <strong> y despu\u00e9s las convocatorias<\/strong><\/li>\n<li>Enviar recordatorios <strong>a los invitados<\/strong><\/li>\n<li>Generar autom\u00e1ticamente las credenciales de los invitados<\/li>\n<\/ul>\n<p><a href=\"https:\/\/www.invityou.com\/es\/\" target=\"_blank\" rel=\"noopener\">Gestione su formaci\u00f3n con maestr\u00eda con InvitYou!<\/a><\/p>\n<h3>Durante el evento<\/h3>\n<p>Si recurre a especialistas para llevar a cabo la formaci\u00f3n y sus conocimientos pueden interesar a sus clientes o colaboradores, no dude en grabar y\/o difundir sus ponencias. Esta operaci\u00f3n le permitir\u00e1<strong>consolidar su credibilidad y su saber hacer<\/strong>, a la vez que le ofrece una imagen din\u00e1mica.<\/p>\n<ul>\n<li><strong> Grabar en v\u00eddeo<\/strong> las distintas ponencias<\/li>\n<li><strong>Difundir el v\u00eddeo en directo<\/strong>para alcanzar un p\u00fablico objetivo<\/li>\n<li>Mantener un rastro y <strong>archivar cada sesi\u00f3n<\/strong><\/li>\n<\/ul>\n<h3>Tras el evento<\/h3>\n<p><strong>la comunicaci\u00f3n posterior a la formaci\u00f3n<\/strong> es tan esencial como la comunicaci\u00f3n previa. Si la cuida bien, maximizar\u00e1 las posibilidades de obtener la satisfacci\u00f3n de los participantes.<\/p>\n<ul>\n<li><\/li>\n<\/ul>\n<p>Enviar un email de agradecimientos a todos los asistentes del gran d\u00eda<\/p>\n<ul>\n<li>Evaluar el evento con un cuestionario de satisfacci\u00f3n <strong>Enviar el contenido y compartir los conocimientos<strong><br \/>\n<\/strong><\/strong><\/li>\n<\/ul>\n<p>Nuestro equipo de expertos ha desarrollado una herramienta f\u00e1cil de usar para gestionar, de forma r\u00e1pida y eficaz, todas sus sesiones de formaci\u00f3n. <a href=\"https:\/\/www.invityou.com\/es\/\">\u00a1Descubra InvitYou, la caja de herramientas de los organizadores de formaciones!<\/a><\/p>\n","protected":false},"excerpt":{"rendered":"<p>Para una empresa, poner en marcha sesiones de formaci\u00f3n es un acelerador estrat\u00e9gico que no debe pasar por alto. \u00a1Mientras que sus colaboradores adquieren competencias, su compa\u00f1\u00eda aumenta su competitividad! \u00a1Sin embargo, la organizaci\u00f3n log\u00edstica y la gesti\u00f3n de los participantes pueden ser un verdadero quebradero de cabeza para el responsable! Gestionar los calendarios y [&hellip;]<\/p>\n","protected":false},"author":1,"featured_media":0,"parent":0,"menu_order":0,"comment_status":"closed","ping_status":"closed","template":"","meta":{"_acf_changed":false,"inline_featured_image":false,"footnotes":""},"class_list":["post-5173","page","type-page","status-publish","hentry"],"acf":[],"yoast_head":"<!-- This site is optimized with the Yoast SEO plugin v27.4 - https:\/\/yoast.com\/product\/yoast-seo-wordpress\/ -->\n<title>Etapas clave de la organizaci\u00f3n de su formaci\u00f3n en l\u00ednea<\/title>\n<meta name=\"description\" content=\"Organizar una formaci\u00f3n en empresa es sencillo con la herramienta adecuada. Descubra las etapas clave de la organizaci\u00f3n.\" \/>\n<meta name=\"robots\" content=\"index, follow, max-snippet:-1, max-image-preview:large, max-video-preview:-1\" \/>\n<link rel=\"canonical\" href=\"https:\/\/www.invityou.com\/es\/organizar-y-gestionar-sus-formaciones-como-un-profesional\/\" \/>\n<meta property=\"og:locale\" content=\"es_ES\" \/>\n<meta property=\"og:type\" content=\"article\" \/>\n<meta property=\"og:title\" content=\"Etapas clave de la organizaci\u00f3n de su formaci\u00f3n en l\u00ednea\" \/>\n<meta property=\"og:description\" content=\"Organizar una formaci\u00f3n en empresa es sencillo con la herramienta adecuada. Descubra las etapas clave de la organizaci\u00f3n.\" \/>\n<meta property=\"og:url\" content=\"https:\/\/www.invityou.com\/es\/organizar-y-gestionar-sus-formaciones-como-un-profesional\/\" \/>\n<meta property=\"og:site_name\" content=\"InvitYou\" \/>\n<meta property=\"article:publisher\" content=\"https:\/\/www.facebook.com\/pages\/CorpoEvents\/167858103417650\" \/>\n<meta property=\"article:modified_time\" content=\"2026-04-13T16:27:15+00:00\" \/>\n<meta name=\"twitter:card\" content=\"summary_large_image\" \/>\n<meta name=\"twitter:site\" content=\"@corpo_events\" \/>\n<meta name=\"twitter:label1\" content=\"Tiempo de lectura\" \/>\n\t<meta name=\"twitter:data1\" content=\"3 minutos\" \/>\n<script type=\"application\/ld+json\" class=\"yoast-schema-graph\">{\"@context\":\"https:\\\/\\\/schema.org\",\"@graph\":[{\"@type\":\"WebPage\",\"@id\":\"https:\\\/\\\/www.invityou.com\\\/es\\\/organizar-y-gestionar-sus-formaciones-como-un-profesional\\\/\",\"url\":\"https:\\\/\\\/www.invityou.com\\\/es\\\/organizar-y-gestionar-sus-formaciones-como-un-profesional\\\/\",\"name\":\"Etapas clave de la organizaci\u00f3n de su formaci\u00f3n en l\u00ednea\",\"isPartOf\":{\"@id\":\"https:\\\/\\\/www.invityou.com\\\/es\\\/#website\"},\"datePublished\":\"2022-05-02T14:21:36+00:00\",\"dateModified\":\"2026-04-13T16:27:15+00:00\",\"description\":\"Organizar una formaci\u00f3n en empresa es sencillo con la herramienta adecuada. Descubra las etapas clave de la organizaci\u00f3n.\",\"inLanguage\":\"es\",\"potentialAction\":[{\"@type\":\"ReadAction\",\"target\":[\"https:\\\/\\\/www.invityou.com\\\/es\\\/organizar-y-gestionar-sus-formaciones-como-un-profesional\\\/\"]}]},{\"@type\":\"WebSite\",\"@id\":\"https:\\\/\\\/www.invityou.com\\\/es\\\/#website\",\"url\":\"https:\\\/\\\/www.invityou.com\\\/es\\\/\",\"name\":\"InvitYou\",\"description\":\"Outil de gestion \u00e9v\u00e9nementiel\",\"publisher\":{\"@id\":\"https:\\\/\\\/www.invityou.com\\\/es\\\/#organization\"},\"potentialAction\":[{\"@type\":\"SearchAction\",\"target\":{\"@type\":\"EntryPoint\",\"urlTemplate\":\"https:\\\/\\\/www.invityou.com\\\/es\\\/?s={search_term_string}\"},\"query-input\":{\"@type\":\"PropertyValueSpecification\",\"valueRequired\":true,\"valueName\":\"search_term_string\"}}],\"inLanguage\":\"es\"},{\"@type\":\"Organization\",\"@id\":\"https:\\\/\\\/www.invityou.com\\\/es\\\/#organization\",\"name\":\"InvitYou by CorpoEvents\",\"url\":\"https:\\\/\\\/www.invityou.com\\\/es\\\/\",\"logo\":{\"@type\":\"ImageObject\",\"inLanguage\":\"es\",\"@id\":\"https:\\\/\\\/www.invityou.com\\\/es\\\/#\\\/schema\\\/logo\\\/image\\\/\",\"url\":\"https:\\\/\\\/www.invityou.com\\\/wp-content\\\/uploads\\\/2022\\\/05\\\/cropped-android-chrome-512x512-1.png\",\"contentUrl\":\"https:\\\/\\\/www.invityou.com\\\/wp-content\\\/uploads\\\/2022\\\/05\\\/cropped-android-chrome-512x512-1.png\",\"width\":512,\"height\":512,\"caption\":\"InvitYou by CorpoEvents\"},\"image\":{\"@id\":\"https:\\\/\\\/www.invityou.com\\\/es\\\/#\\\/schema\\\/logo\\\/image\\\/\"},\"sameAs\":[\"https:\\\/\\\/www.facebook.com\\\/pages\\\/CorpoEvents\\\/167858103417650\",\"https:\\\/\\\/x.com\\\/corpo_events\",\"https:\\\/\\\/www.linkedin.com\\\/company\\\/corpoevents\"]}]}<\/script>\n<!-- \/ Yoast SEO plugin. -->","yoast_head_json":{"title":"Etapas clave de la organizaci\u00f3n de su formaci\u00f3n en l\u00ednea","description":"Organizar una formaci\u00f3n en empresa es sencillo con la herramienta adecuada. Descubra las etapas clave de la organizaci\u00f3n.","robots":{"index":"index","follow":"follow","max-snippet":"max-snippet:-1","max-image-preview":"max-image-preview:large","max-video-preview":"max-video-preview:-1"},"canonical":"https:\/\/www.invityou.com\/es\/organizar-y-gestionar-sus-formaciones-como-un-profesional\/","og_locale":"es_ES","og_type":"article","og_title":"Etapas clave de la organizaci\u00f3n de su formaci\u00f3n en l\u00ednea","og_description":"Organizar una formaci\u00f3n en empresa es sencillo con la herramienta adecuada. Descubra las etapas clave de la organizaci\u00f3n.","og_url":"https:\/\/www.invityou.com\/es\/organizar-y-gestionar-sus-formaciones-como-un-profesional\/","og_site_name":"InvitYou","article_publisher":"https:\/\/www.facebook.com\/pages\/CorpoEvents\/167858103417650","article_modified_time":"2026-04-13T16:27:15+00:00","twitter_card":"summary_large_image","twitter_site":"@corpo_events","twitter_misc":{"Tiempo de lectura":"3 minutos"},"schema":{"@context":"https:\/\/schema.org","@graph":[{"@type":"WebPage","@id":"https:\/\/www.invityou.com\/es\/organizar-y-gestionar-sus-formaciones-como-un-profesional\/","url":"https:\/\/www.invityou.com\/es\/organizar-y-gestionar-sus-formaciones-como-un-profesional\/","name":"Etapas clave de la organizaci\u00f3n de su formaci\u00f3n en l\u00ednea","isPartOf":{"@id":"https:\/\/www.invityou.com\/es\/#website"},"datePublished":"2022-05-02T14:21:36+00:00","dateModified":"2026-04-13T16:27:15+00:00","description":"Organizar una formaci\u00f3n en empresa es sencillo con la herramienta adecuada. Descubra las etapas clave de la organizaci\u00f3n.","inLanguage":"es","potentialAction":[{"@type":"ReadAction","target":["https:\/\/www.invityou.com\/es\/organizar-y-gestionar-sus-formaciones-como-un-profesional\/"]}]},{"@type":"WebSite","@id":"https:\/\/www.invityou.com\/es\/#website","url":"https:\/\/www.invityou.com\/es\/","name":"InvitYou","description":"Outil de gestion \u00e9v\u00e9nementiel","publisher":{"@id":"https:\/\/www.invityou.com\/es\/#organization"},"potentialAction":[{"@type":"SearchAction","target":{"@type":"EntryPoint","urlTemplate":"https:\/\/www.invityou.com\/es\/?s={search_term_string}"},"query-input":{"@type":"PropertyValueSpecification","valueRequired":true,"valueName":"search_term_string"}}],"inLanguage":"es"},{"@type":"Organization","@id":"https:\/\/www.invityou.com\/es\/#organization","name":"InvitYou by CorpoEvents","url":"https:\/\/www.invityou.com\/es\/","logo":{"@type":"ImageObject","inLanguage":"es","@id":"https:\/\/www.invityou.com\/es\/#\/schema\/logo\/image\/","url":"https:\/\/www.invityou.com\/wp-content\/uploads\/2022\/05\/cropped-android-chrome-512x512-1.png","contentUrl":"https:\/\/www.invityou.com\/wp-content\/uploads\/2022\/05\/cropped-android-chrome-512x512-1.png","width":512,"height":512,"caption":"InvitYou by CorpoEvents"},"image":{"@id":"https:\/\/www.invityou.com\/es\/#\/schema\/logo\/image\/"},"sameAs":["https:\/\/www.facebook.com\/pages\/CorpoEvents\/167858103417650","https:\/\/x.com\/corpo_events","https:\/\/www.linkedin.com\/company\/corpoevents"]}]}},"_links":{"self":[{"href":"https:\/\/www.invityou.com\/es\/wp-json\/wp\/v2\/pages\/5173","targetHints":{"allow":["GET"]}}],"collection":[{"href":"https:\/\/www.invityou.com\/es\/wp-json\/wp\/v2\/pages"}],"about":[{"href":"https:\/\/www.invityou.com\/es\/wp-json\/wp\/v2\/types\/page"}],"author":[{"embeddable":true,"href":"https:\/\/www.invityou.com\/es\/wp-json\/wp\/v2\/users\/1"}],"replies":[{"embeddable":true,"href":"https:\/\/www.invityou.com\/es\/wp-json\/wp\/v2\/comments?post=5173"}],"version-history":[{"count":2,"href":"https:\/\/www.invityou.com\/es\/wp-json\/wp\/v2\/pages\/5173\/revisions"}],"predecessor-version":[{"id":5983,"href":"https:\/\/www.invityou.com\/es\/wp-json\/wp\/v2\/pages\/5173\/revisions\/5983"}],"wp:attachment":[{"href":"https:\/\/www.invityou.com\/es\/wp-json\/wp\/v2\/media?parent=5173"}],"curies":[{"name":"wp","href":"https:\/\/api.w.org\/{rel}","templated":true}]}}